{"id":154979,"date":"2024-10-31T13:15:10","date_gmt":"2024-10-31T13:15:10","guid":{"rendered":"https:\/\/savio.it\/?page_id=154979"},"modified":"2025-06-20T15:51:08","modified_gmt":"2025-06-20T15:51:08","slug":"privacy-web","status":"publish","type":"page","link":"https:\/\/savio.it\/es\/privacy-web\/","title":{"rendered":"Pol\u00edtica de privacidad de los datos recogidos por el sitio web"},"content":{"rendered":"\n<div class=\"wp-block-uagb-container uagb-block-862fbf48 alignfull uagb-is-root-container\"><div class=\"uagb-container-inner-blocks-wrap\">\n<h1 class=\"wp-block-heading has-text-align-center\"><strong>Privacy Policy for personal data collected through its website<\/strong><\/h1>\n<\/div><\/div>\n\n<div class=\"wp-block-uagb-container uagb-block-322010a1 alignfull uagb-is-root-container\"><div class=\"uagb-container-inner-blocks-wrap\">\n<h2 class=\"wp-block-heading\">Informaci\u00f3n de conformidad con los art\u00edculos 12 y 13 del Reglamento 2016\/679 de la UE (RGPD)<\/h2>\n\n\n\n<p>En cumplimiento de la legislaci\u00f3n europea sobre el tratamiento de datos personales (GDPR 2016\/679), Savio S.p.A. declara que trata los datos de conformidad con lo dispuesto en el Art. 5 del RGPD, es decir, en cumplimiento de los principios fundamentales de legalidad, transparencia y equidad.<\/p>\n\n\n\n<p>La informaci\u00f3n proporcionada de conformidad con los art\u00edculos 12 y 13 del GDPR est\u00e1 dirigida a los usuarios del Sitio (www.savio.it), propiedad de Savio S.p.A..<\/p>\n<\/div><\/div>\n\n<div class=\"wp-block-uagb-container uagb-block-5aa2c221 alignfull uagb-is-root-container\"><div class=\"uagb-container-inner-blocks-wrap\">\n<p><strong>1. Titular y Responsable del tratamiento de los Datos<\/strong><\/p>\n\n\n\n<p>1.1. Savio S.p.A. &#8211; Via Torino, 25 &#8211; 10050 Chiusa di San Michele (Italia)<\/p>\n\n\n\n<p>1.2. Correo electr\u00f3nico de contacto del Titular: <a href=\"mailto:businessdevelopment@savio.it\">businessdevelopment@savio.it<\/a><\/p>\n<\/div><\/div>\n\n<div class=\"wp-block-uagb-container uagb-block-0e6feb85 alignfull uagb-is-root-container\"><div class=\"uagb-container-inner-blocks-wrap\">\n<p><strong>2. Clases de Datos recogidos<\/strong><\/p>\n\n\n\n<p>Entre las clases de Datos Personales que recoge esta P\u00e1gina Web, ya sea directamente o a trav\u00e9s de terceros, se encuentran: Rastreadores; Datos de uso; cantidad de Usuarios; estad\u00edsticas de sesi\u00f3n; respuestas a preguntas; clics; eventos de pulsaci\u00f3n; eventos del sensor de movimiento; movimientos de rat\u00f3n; posici\u00f3n de desplazamiento; eventos t\u00e1ctiles; raz\u00f3n social; direcci\u00f3n de correo electr\u00f3nico; nombre; n\u00famero de tel\u00e9fono; apellido(s); datos de contacto; direcci\u00f3n de env\u00edo; direcci\u00f3n de facturaci\u00f3n; historial de compra; Datos comunicados durante el uso del servicio; N\u00famero de Identificaci\u00f3n Fiscal a efectos de IVA; c\u00f3digo postal; ciudad; informaci\u00f3n del dispositivo.<\/p>\n\n\n\n<p>La informaci\u00f3n completa referente a cada categor\u00eda de Datos Personales que se recogen se proporciona en las secciones de la presente pol\u00edtica de privacidad dedicadas a tal fin o mediante textos explicativos espec\u00edficos que se muestran antes de la recogida de dichos Datos.<br\/>Los Datos Personales podr\u00e1n ser proporcionados libremente por el Usuario o, en caso de los Datos de Uso, ser\u00e1n recogidos autom\u00e1ticamente cuando se utilice esta P\u00e1gina Web.<br\/>Salvo que se indique lo contrario, todos los Datos solicitados por esta P\u00e1gina Web son obligatorios y la negativa a proporcionarlos podr\u00e1 imposibilitar que esta P\u00e1gina Web pueda proceder a la prestaci\u00f3n de sus servicios. En los casos en los que esta P\u00e1gina Web indique espec\u00edficamente que ciertos Datos no son obligatorios, los Usuarios ser\u00e1n libres de no comunicar tales Datos sin que esto tenga consecuencia alguna sobre la disponibilidad o el funcionamiento del Servicio.  <br\/>Los Usuarios que tengan dudas sobre qu\u00e9 Datos son obligatorios pueden contactar con el Titular.<br\/>El uso de Cookies &#8211; o de otras herramientas de seguimiento &#8211; por parte de esta P\u00e1gina Web o por los titulares de servicios de terceros utilizados por esta P\u00e1gina Web tiene como finalidad la prestaci\u00f3n del Servicio solicitado por el Usuario, adem\u00e1s de cualesquiera otras finalidades que se describan en el presente documento y en la Pol\u00edtica de Cookies.<\/p>\n\n\n\n<p>El Usuario asume la responsabilidad respecto de los Datos Personales de terceros que se obtengan, publiquen o compartan a trav\u00e9s de esta P\u00e1gina Web.<\/p>\n<\/div><\/div>\n\n<div class=\"wp-block-uagb-container uagb-block-2be61902 alignfull uagb-is-root-container\"><div class=\"uagb-container-inner-blocks-wrap\">\n<p style=\"text-transform:uppercase\"><strong>3. Modalidad y lugar del tratamiento de los Datos recogidos<\/strong><\/p>\n\n\n\n<p><strong>Modalidades de Tratamiento<\/strong><\/p>\n\n\n\n<p>El Titular tratar\u00e1 los Datos de los Usuarios de manera adecuada y adoptar\u00e1 las medidas de seguridad apropiadas para impedir el acceso, la revelaci\u00f3n, alteraci\u00f3n o destrucci\u00f3n no autorizados de los Datos.<br\/>El tratamiento de Datos se realizar\u00e1 mediante ordenadores y\/o herramientas inform\u00e1ticas, siguiendo procedimientos y modalidades organizativas estrictamente relacionadas con las finalidades se\u00f1aladas. Adem\u00e1s del Titular, en algunos casos podr\u00e1n acceder a los Datos ciertas categor\u00edas de personas autorizadas, relacionadas con el funcionamiento de esta P\u00e1gina Web (administraci\u00f3n, ventas, marketing, departamento jur\u00eddico y de administraci\u00f3n de sistemas) o contratistas externos que presten servicios al Titular (tales como proveedores externos de servicios t\u00e9cnicos, empresas de mensajer\u00eda, empresas de hosting, empresas de inform\u00e1tica, agencias de comunicaci\u00f3n) que ser\u00e1n nombrados por el Titular como Encargados del Tratamiento, si fuera necesario. Se podr\u00e1 solicitar al Titular en cualquier momento una lista actualizada de dichas personas.  <\/p>\n\n\n\n<p><strong>Lugar<\/strong><\/p>\n\n\n\n<p>Los Datos se tratan en las oficinas del Titular, as\u00ed como en cualquier otro lugar en el que se encuentren situadas las partes implicadas en dicho proceso de tratamiento.<br\/>Dependiendo de la localizaci\u00f3n de los Usuarios, las transferencias de Datos pueden implicar la transferencia de los Datos de los Usuarios a otro pa\u00eds diferente al suyo propio. Para m\u00e1s informaci\u00f3n sobre el lugar de tratamiento de dichos Datos transferidos, los Usuarios podr\u00e1n consultar la secci\u00f3n que contiene los detalles sobre el tratamiento de los Datos Personales.  <\/p>\n\n\n\n<p><strong>Per\u00edodo de conservaci\u00f3n<\/strong><\/p>\n\n\n\n<p>Salvo que se indique lo contrario en el presente documento, los Datos Personales ser\u00e1n tratados y conservados durante el tiempo necesario y para la finalidad por la que han sido recogidos y podr\u00e1n conservarse durante m\u00e1s tiempo debido a una obligaci\u00f3n legal pertinente o sobre la base del consentimiento de los Usuarios.<\/p>\n<\/div><\/div>\n\n<div class=\"wp-block-uagb-container uagb-block-fedf2aed alignfull uagb-is-root-container\"><div class=\"uagb-container-inner-blocks-wrap\">\n<p style=\"text-transform:uppercase\"><strong>4. Finalidad del Tratamiento de los Datos recogidos<\/strong><\/p>\n\n\n\n<p>Los Datos relativos al Usuario son recogidos para permitir al Titular prestar su Servicio, cumplir sus obligaciones legales, responder a solicitudes de ejecuci\u00f3n, proteger sus derechos e intereses (o los de sus Usuarios o terceros), detectar cualquier actividad maliciosa o fraudulenta, as\u00ed como para las siguientes finalidades: Estad\u00edsticas, Visualizar contenidos de plataformas externas, Protecci\u00f3n contra SPAM y bots, Gesti\u00f3n de la recogida de datos y de encuestas online , Crear y operar esta P\u00e1gina Web, Gesti\u00f3n de Etiquetas, Contactar con el Usuario, Publicidad y Gesti\u00f3n de contactos y env\u00edo de mensajes.<\/p>\n\n\n\n<p>Los Usuarios pueden encontrar informaci\u00f3n espec\u00edfica los Datos personales utilizados para cada finalidad en la secci\u00f3n \u201cInformaci\u00f3n detallada del Tratamiento de los Datos Personales\u201d.<\/p>\n<\/div><\/div>\n\n<div class=\"wp-block-uagb-container uagb-block-d0859c15 alignfull uagb-is-root-container\"><div class=\"uagb-container-inner-blocks-wrap\">\n<p style=\"text-transform:uppercase\"><strong><strong>5. Informaci\u00f3n detallada del Tratamiento de los Datos Personales<\/strong><\/strong><\/p>\n\n\n\n<p>Los Datos Personales se recogen para las siguientes finalidades y utilizando los siguientes servicios:<br\/><br\/><br\/><br\/><\/p>\n<\/div><\/div>\n\n<div class=\"wp-block-uagb-container uagb-block-d0859c15 alignfull uagb-is-root-container\"><div class=\"uagb-container-inner-blocks-wrap\">\n<p class=\"has-background\" style=\"background-color:#fcc2004f\"><strong>Contactar con el usuario<\/strong><\/p>\n\n\n\n<p><strong>Lista de correo o newsletter (esta P\u00e1gina Web)<\/strong><\/p>\n\n\n\n<p>Al registrarse en la lista de correo o el newsletter, la direcci\u00f3n de correo electr\u00f3nico del Usuario ser\u00e1 incluida autom\u00e1ticamente en una lista de contactos a los que se les podr\u00e1n remitir mensajes de correo electr\u00f3nico con informaci\u00f3n comercial o promocional relativa a esta P\u00e1gina Web. Su direcci\u00f3n de correo electr\u00f3nico tambi\u00e9n podr\u00e1 ser incluida en esta lista a ra\u00edz de registrarse en esta P\u00e1gina Web o tras realizar una compra. <\/p>\n\n\n\n<p>Datos Personales tratados: Datos de uso; direcci\u00f3n de correo electr\u00f3nico; Rastreadores.<\/p>\n\n\n\n<p><strong>Formulario de contacto (esta P\u00e1gina Web)<\/strong><\/p>\n\n\n\n<p>Al rellenar el formulario de contacto con sus Datos, el Usuario autoriza a esta P\u00e1gina Web a utilizar dichos datos para responder a solicitudes de informaci\u00f3n, de presupuestos o de cualquier otro tipo que est\u00e9 indicado en el encabezamiento del formulario.<\/p>\n\n\n\n<p>Datos Personales tratados: Datos de uso; direcci\u00f3n de correo electr\u00f3nico.<\/p>\n\n\n\n<hr class=\"wp-block-separator has-alpha-channel-opacity\"\/>\n\n\n\n<div style=\"height:1rem\" aria-hidden=\"true\" class=\"wp-block-spacer\"><\/div>\n\n\n\n<p class=\"has-background\" style=\"background-color:#fcc2004f\"><strong>Creaci\u00f3n y gesti\u00f3n de este sitio web<\/strong><\/p>\n\n\n\n<p>Los componentes clave de esta P\u00e1gina Web son creados y operados directamente por el Titular utilizando los programas inform\u00e1ticos enumerados m\u00e1s abajo.<\/p>\n\n\n\n<p><strong>WordPress (autoalojado) (esta P\u00e1gina Web)<\/strong><\/p>\n\n\n\n<p>Esta P\u00e1gina Web es creada y operada por el Titular mediante un software de CMS (Sistema de Gesti\u00f3n de Contenidos) denominado WordPress.<\/p>\n\n\n\n<p>Datos Personales tratados: apellido(s); ciudad; c\u00f3digo postal; Datos comunicados durante el uso del servicio; datos de contacto; Datos de uso; direcci\u00f3n de correo electr\u00f3nico; direcci\u00f3n de env\u00edo; direcci\u00f3n de facturaci\u00f3n; historial de compra; N\u00famero de Identificaci\u00f3n Fiscal a efectos de IVA.<\/p>\n\n\n\n<hr class=\"wp-block-separator has-alpha-channel-opacity\"\/>\n\n\n\n<div style=\"height:1rem\" aria-hidden=\"true\" class=\"wp-block-spacer\"><\/div>\n\n\n\n<p class=\"has-background\" style=\"background-color:#fcc2004f\"><strong>Gesti\u00f3n de contactos y env\u00edo de mensajes<\/strong><\/p>\n\n\n\n<p>Este tipo de servicios permiten gestionar una base de datos de direcciones de correo electr\u00f3nico, n\u00fameros de tel\u00e9fono u otra informaci\u00f3n de contacto para comunicarse con el Usuario. Tambi\u00e9n es posible que estos servicios recojan datos relativos a la fecha y la hora en las que el Usuario visualiz\u00f3 el mensaje, as\u00ed como sobre las interacciones del Usuario con dicho mensaje, tales como clicar en enlaces insertados en el mensaje. <\/p>\n\n\n\n<p><strong>Vertigo Media (Vertigo Media Group)<\/strong><\/p>\n\n\n\n<p>Vertigo Media es un servicio de gesti\u00f3n de correo electr\u00f3nico y de env\u00edo de mensajes prestado por Vertigo Media Group.<\/p>\n\n\n\n<p>Datos Personales tratados: informaci\u00f3n del dispositivo.<\/p>\n\n\n\n<p>Lugar de tratamiento: EE.UU. \u2013 <a href=\"https:\/\/vertigomediagrp.com\/privacy-policy\/\" target=\"_blank\" rel=\"noreferrer noopener\">Pol\u00edtica de privacidad<\/a>.<\/p>\n\n\n\n<hr class=\"wp-block-separator has-alpha-channel-opacity\"\/>\n\n\n\n<div style=\"height:1rem\" aria-hidden=\"true\" class=\"wp-block-spacer\"><\/div>\n\n\n\n<p class=\"has-background\" style=\"background-color:#fcc2004f\"><strong>Gesti\u00f3n de etiquetas<\/strong><\/p>\n\n\n\n<p>Este tipo de servicio ayuda al Titular a gestionar las etiquetas o scripts que se necesitan en esta P\u00e1gina Web de forma centralizada. Esto supone que los Datos de los Usuarios pasan a trav\u00e9s de estos servicios, lo que puede derivar en la retenci\u00f3n de dichos Datos. <\/p>\n\n\n\n<p><strong>Google Tag Manager (Google LLC)<\/strong><\/p>\n\n\n\n<p>Google Tag Manager es un servicio de gesti\u00f3n de etiquetas prestado por Google LLC. <\/p>\n\n\n\n<p>Para entender el uso de Datos por parte de Google, consulta su <a href=\"https:\/\/policies.google.com\/technologies\/partner-sites\">pol\u00edtica para socios<\/a> y su<a href=\"https:\/\/business.safety.google\/privacy\/\"> p\u00e1gina de datos empresariales<\/a>.<\/p>\n\n\n\n<p>Datos Personales tratados: Datos de uso; Rastreadores.<\/p>\n\n\n\n<p>Lugar de tratamiento: EE.UU. \u2013 <a href=\"https:\/\/business.safety.google\/privacy\/\" target=\"_blank\" rel=\"noreferrer noopener\">Pol\u00edtica de privacidad<\/a>.<\/p>\n\n\n\n<hr class=\"wp-block-separator has-alpha-channel-opacity\"\/>\n\n\n\n<div style=\"height:1rem\" aria-hidden=\"true\" class=\"wp-block-spacer\"><\/div>\n\n\n\n<p class=\"has-background\" style=\"background-color:#fcc2004f\"><strong>Gesti\u00f3n de la recogida de datos y encuestas en l\u00ednea<\/strong><\/p>\n\n\n\n<p>Este tipo de servicio permite a esta P\u00e1gina Web gestionar la creaci\u00f3n, la implantaci\u00f3n, la administraci\u00f3n, la distribuci\u00f3n y el an\u00e1lisis de formularios y encuestas online con el fin de recoger y reutilizar Datos de cualquiera de los Usuarios que respondan a ellos. Los Datos Personales recogidos depender\u00e1n de la informaci\u00f3n que se solicite y que faciliten los Usuarios en el formulario online correspondiente. <\/p>\n\n\n\n<p>Estos servicios podr\u00e1n integrarse en una amplia gama de servicios de terceros con el fin de permitir al Titular realizar acciones posteriores con los Datos tratados \u2013 p.ej. gestionar contactos, enviar mensajes, estad\u00edsticas, publicidad y tramitaci\u00f3n de pagos.<\/p>\n\n\n\n<p><strong>Widget de Formularios de Elementor (Elementor Ltd.)<\/strong><\/p>\n\n\n\n<p>Widget de Formularios de Elementor es un generador de formularios para Elementor.<\/p>\n\n\n\n<p>Datos Personales tratados: direcci\u00f3n de correo electr\u00f3nico; nombre; n\u00famero de tel\u00e9fono; raz\u00f3n social.<\/p>\n\n\n\n<p>Lugar de tratamiento: Israel \u2013 <a href=\"https:\/\/elementor.com\/about\/privacy\/\" target=\"_blank\" rel=\"noreferrer noopener\">Pol\u00edtica de privacidad<\/a>.<\/p>\n\n\n\n<hr class=\"wp-block-separator has-alpha-channel-opacity\"\/>\n\n\n\n<div style=\"height:1rem\" aria-hidden=\"true\" class=\"wp-block-spacer\"><\/div>\n\n\n\n<p class=\"has-background\" style=\"background-color:#fcc2004f\"><strong>Protecci\u00f3n contra spam y robots<\/strong><\/p>\n\n\n\n<p>Este tipo de servicio analiza el tr\u00e1fico de esta P\u00e1gina Web, que puede potencialmente contener los Datos Personales de los Usuarios, para filtrar de este las partes del tr\u00e1fico no deseadas, los mensajes y contenidos que se reconocen como SPAM o para protegerlo de las actividades de los bots maliciosos.<\/p>\n\n\n\n<p><strong>Google reCAPTCHA (Google LLC)<\/strong><\/p>\n\n\n\n<p>Google reCAPTCHA es un servicio de protecci\u00f3n contra SPAM prestado por Google LLC. El uso de reCAPTCHA est\u00e1 sujeto a la <a href=\"https:\/\/www.google.com\/intl\/it\/policies\/privacy\/\">pol\u00edtica de privacidad<\/a> y a los <a href=\"https:\/\/www.google.com\/intl\/it\/policies\/terms\/\">t\u00e9rminos de uso de Google<\/a>.  <\/p>\n\n\n\n<p>Para entender el uso de Datos por parte de Google, consulta su <a href=\"https:\/\/policies.google.com\/technologies\/partner-sites?hl=it\">pol\u00edtica para socios<\/a> y su<a href=\"https:\/\/business.safety.google\/intl\/it\/privacy\/\"> p\u00e1gina de datos empresariales<\/a>.<\/p>\n\n\n\n<p>Datos Personales tratados: clics; Datos de uso; eventos de pulsaci\u00f3n; eventos del sensor de movimiento; eventos t\u00e1ctiles; movimientos de rat\u00f3n; posici\u00f3n de desplazamiento; Rastreadores; respuestas a preguntas.<\/p>\n\n\n\n<p>Lugar de tratamiento: EE.UU. \u2013 <a href=\"https:\/\/business.safety.google\/privacy\/\" target=\"_blank\" rel=\"noreferrer noopener\">Pol\u00edtica de privacidad<\/a>.<\/p>\n\n\n\n<hr class=\"wp-block-separator has-alpha-channel-opacity\"\/>\n\n\n\n<div style=\"height:1rem\" aria-hidden=\"true\" class=\"wp-block-spacer\"><\/div>\n\n\n\n<p class=\"has-background\" style=\"background-color:#fcc2004f\"><strong>Publicidad<\/strong><\/p>\n\n\n\n<p>Este tipo de servicio permite que se utilicen los Datos de los Usuarios para fines de comunicaci\u00f3n publicitaria. Estas comunicaciones se muestran en forma de banners y otros anuncios en esta P\u00e1gina Web, posiblemente basados en los intereses de los Usuarios. Esto no significa que todos los Datos Personales sean utilizados para esta finalidad. La informaci\u00f3n y condiciones de uso se detallan m\u00e1s adelante. Algunos de los servicios enumerados a continuaci\u00f3n pueden emplear Rastreadores para identificar a los Usuarios, behavioral retargeting, es decir, mostrar anuncios publicitarios personalizados en base a los intereses y al comportamiento del Usuario, o para medir el rendimiento de los anuncios. Para obtener m\u00e1s informaci\u00f3n, por favor verifique las pol\u00edticas de privacidad de los servicios correspondientes. Los servicios de este tipo normalmente permiten a los Usuarios inhabilitar dicho seguimiento. Los Usuarios pueden averiguar c\u00f3mo inhabilitar la publicidad basada en intereses de forma m\u00e1s general visitando la secci\u00f3n sobre autoexclusi\u00f3n del presente documento.       <\/p>\n\n\n\n<p><strong>Microsoft Advertising (Microsoft Corporation)<\/strong><\/p>\n\n\n\n<p>Microsoft Advertising es un servicio de publicidad prestado por Microsoft Corporation.<\/p>\n\n\n\n<p>Datos Personales tratados: Datos de uso; Rastreadores.<\/p>\n\n\n\n<p>Lugar de tratamiento: EE.UU. \u2013 <a href=\"https:\/\/privacy.microsoft.com\/privacystatement\" target=\"_blank\" rel=\"noreferrer noopener\">Pol\u00edtica de privacidad<\/a> \u2013 <a href=\"https:\/\/account.microsoft.com\/privacy\/ad-settings\/signedout?ru=https:%2F%2Faccount.microsoft.com%2Fprivacy%2Fad-settings\">Opt Out<\/a>.<\/p>\n\n\n\n<hr class=\"wp-block-separator has-alpha-channel-opacity\"\/>\n\n\n\n<div style=\"height:1rem\" aria-hidden=\"true\" class=\"wp-block-spacer\"><\/div>\n\n\n\n<p class=\"has-background\" style=\"background-color:#fcc2004f\"><strong>Estad\u00edsticas<\/strong><\/p>\n\n\n\n<p>Los servicios contenidos en esta secci\u00f3n permiten al Titular monitorizar y analizar el tr\u00e1fico web y pueden ser utilizados para rastrear el comportamiento del Usuario.<\/p>\n\n\n\n<p><strong>Google Analytics 4 (Google LLC)<\/strong><\/p>\n\n\n\n<p>Google Analytics 4 es un servicio de an\u00e1lisis web prestado por Google LLC (\u201cGoogle\u201d). Google utiliza los Datos recogidos para rastrear y examinar el uso de esta P\u00e1gina Web, para preparar informes de sus actividades y compartirlos con otros servicios de Google. Google puede utilizar los Datos recogidos para contextualizar y personalizar los anuncios de su propia red de publicidad. En Google Analytics 4, las direcciones IP se usan en el momento de la recogida y luego se descartan antes de que los Datos se registren en cualquier centro de datos o servidor. Los Usuarios pueden obtener m\u00e1s informaci\u00f3n consultando la <a href=\"https:\/\/support.google.com\/analytics\/answer\/12017362?hl=it&amp;ref_topic=2919631\">documentaci\u00f3n oficial de Google<\/a>.     <\/p>\n\n\n\n<p>Para entender el uso de Datos por parte de Google, consulta su <a href=\"https:\/\/policies.google.com\/technologies\/partner-sites\">pol\u00edtica para socios<\/a> y su<a href=\"https:\/\/business.safety.google\/privacy\/\"> p\u00e1gina de datos empresariales<\/a>.<\/p>\n\n\n\n<p>Datos Personales tratados: cantidad de Usuarios; Datos de uso; estad\u00edsticas de sesi\u00f3n; Rastreadores.<\/p>\n\n\n\n<p>Lugar de tratamiento: EE.UU. \u2013 <a href=\"https:\/\/business.safety.google\/privacy\/\" target=\"_blank\" rel=\"noreferrer noopener\">Pol\u00edtica de privacidad<\/a> \u2013 <a href=\"https:\/\/tools.google.com\/dlpage\/gaoptout?hl=it\">Opt Out<\/a>.<\/p>\n\n\n\n<p><strong>Matomo Cloud (InnoCraft)<\/strong><\/p>\n\n\n\n<p>Matomo Cloud es un servicio de estad\u00edsticas prestado por InnoCraft.<\/p>\n\n\n\n<p>Datos Personales tratados: Datos de uso.<\/p>\n\n\n\n<p>Lugar de tratamiento: Nueva Zelanda \u2013 <a href=\"https:\/\/matomo.org\/matomo-cloud-privacy-policy\/\" target=\"_blank\" rel=\"noreferrer noopener\">Pol\u00edtica de privacidad<\/a>.<\/p>\n\n\n\n<hr class=\"wp-block-separator has-alpha-channel-opacity\"\/>\n\n\n\n<div style=\"height:1rem\" aria-hidden=\"true\" class=\"wp-block-spacer\"><\/div>\n\n\n\n<p class=\"has-background\" style=\"background-color:#fcc2004f\"><strong>Mostrar contenidos de plataformas externas<\/strong><\/p>\n\n\n\n<p>Este tipo de servicios permiten visualizar contenidos alojados en plataformas externas directamente desde las p\u00e1ginas de esta P\u00e1gina Web e interactuar con estos. A menudo dichos servicios se denominan widgets, que son peque\u00f1os elementos colocados en una p\u00e1gina web o aplicaci\u00f3n. Proporcionan informaci\u00f3n espec\u00edfica o realizan una funci\u00f3n concreta y a menudo permiten la interacci\u00f3n con los usuarios. Este tipo de servicios puede recopilar datos de tr\u00e1fico web para las p\u00e1ginas en las que est\u00e9n instalados incluso en caso de que el Usuario no los utilice.   <\/p>\n\n\n\n<p><strong>Google Fonts (Google LLC)<\/strong><\/p>\n\n\n\n<p>Google Fonts es un servicio de visualizaci\u00f3n de familias tipogr\u00e1ficas prestado por Google LLC que permite a esta P\u00e1gina Web incorporar tales contenidos en sus p\u00e1ginas.<\/p>\n\n\n\n<p>Datos Personales tratados: Datos de uso; Rastreadores.<\/p>\n\n\n\n<p>Lugar de tratamiento: EE.UU. \u2013 <a href=\"https:\/\/business.safety.google\/privacy\/\" target=\"_blank\" rel=\"noreferrer noopener\">Pol\u00edtica de privacidad<\/a>.<\/p>\n\n\n\n<p><strong>Widget OpenStreetMap (OpenStreetMap Foundation )<\/strong><\/p>\n\n\n\n<p>Widget de OpenStreetMap es un servicio de visualizaci\u00f3n de mapas prestado por OpenStreetMap Foundation que permite a esta P\u00e1gina Web incorporar tales contenidos en sus p\u00e1ginas.<\/p>\n\n\n\n<p>Datos Personales tratados: Datos de uso; Rastreadores.<\/p>\n\n\n\n<p>Lugar de tratamiento: Reino Unido \u2013 <a href=\"https:\/\/wiki.osmfoundation.org\/wiki\/Privacy_Policy\" target=\"_blank\" rel=\"noreferrer noopener\">Pol\u00edtica de privacidad<\/a>.<\/p>\n<\/div><\/div>\n\n<div class=\"wp-block-uagb-container uagb-block-21ed2859 alignfull uagb-is-root-container\"><div class=\"uagb-container-inner-blocks-wrap\">\n<p style=\"text-transform:uppercase\"><strong>6. Informaci\u00f3n sobre la inhabilitaci\u00f3n de la publicidad basada en intereses<\/strong><\/p>\n\n\n\n<p>Adem\u00e1s de las funcionalidades de inhabilitaci\u00f3n ofrecidas por cualquiera de los servicios enumerados en el presente documento, los Usuarios podr\u00e1n obtener m\u00e1s informaci\u00f3n general sobre c\u00f3mo inhabilitar la publicidad basada en intereses en la secci\u00f3n espec\u00edfica de la Pol\u00edtica de Cookies.<\/p>\n<\/div><\/div>\n\n<div class=\"wp-block-uagb-container uagb-block-e4474b20 alignfull uagb-is-root-container\"><div class=\"uagb-container-inner-blocks-wrap\">\n<p style=\"text-transform:uppercase\"><strong>7. Pol\u00edtica de Cookies<\/strong><\/p>\n\n\n\n<p>Esta P\u00e1gina Web utiliza Rastreadores. Para obtener m\u00e1s informaci\u00f3n, los Usuarios pueden consultar la <a href=\"https:\/\/savio.it\/es\/cookie-policy\/\">Pol\u00edtica de Cookies<\/a>. <\/p>\n<\/div><\/div>\n\n<div class=\"wp-block-uagb-container uagb-block-1658b112 alignfull uagb-is-root-container\"><div class=\"uagb-container-inner-blocks-wrap\">\n<p style=\"text-transform:uppercase\"><strong>8. M\u00e1s informaci\u00f3n para los usuarios<\/strong><\/p>\n\n\n\n<p><strong>Base jur\u00eddica del Tratamiento<\/strong><\/p>\n\n\n\n<p>El Titular podr\u00e1 tratar los Datos Personales del Usuario, si se cumple una de las siguientes condiciones:<\/p>\n\n\n\n<ul class=\"wp-block-list\">\n<li>Cuando los Usuarios hayan dado su consentimiento para una o m\u00e1s finalidades espec\u00edficas.<\/li>\n\n\n\n<li>Cuando la obtenci\u00f3n de Datos sea necesaria para el cumplimiento de un contrato con el Usuario y\/o cualquier otra obligaci\u00f3n precontractual del mismo;<\/li>\n\n\n\n<li>Cuando el tratamiento sea necesario para el cumplimiento de una obligaci\u00f3n legal de obligado cumplimiento por parte del Usuario;<\/li>\n\n\n\n<li>Cuando el tratamiento est\u00e9 relacionado con una tarea ejecutada en inter\u00e9s p\u00fablico o en el ejercicio de competencias oficiales otorgadas al Titular;<\/li>\n\n\n\n<li>Cuando el tratamiento sea necesario con el fin de un inter\u00e9s leg\u00edtimo perseguido por el Titular o un tercero.<\/li>\n<\/ul>\n\n\n\n<p>En cualquier caso, el Titular est\u00e1 a su disposici\u00f3n para definir las bases jur\u00eddicas espec\u00edficas que se aplican al tratamiento y en particular, si la obtenci\u00f3n de los Datos Personales es un requisito contractual o estatutario o un requisito necesario para formalizar un contrato.<\/p>\n<\/div><\/div>\n\n<div class=\"wp-block-uagb-container uagb-block-bd08c4b5 alignfull uagb-is-root-container\"><div class=\"uagb-container-inner-blocks-wrap\">\n<p><strong>M\u00e1s informaci\u00f3n sobre el tiempo de retenci\u00f3n<\/strong><\/p>\n\n\n\n<p>Salvo que se indique lo contrario en el presente documento, los Datos Personales ser\u00e1n tratados y conservados durante el tiempo necesario y para la finalidad por la que han sido recogidos y podr\u00e1n conservarse durante m\u00e1s tiempo debido a una obligaci\u00f3n legal pertinente o sobre la base del consentimiento de los Usuarios.<\/p>\n\n\n\n<p>Por lo tanto:<\/p>\n\n\n\n<ul class=\"wp-block-list\">\n<li>Los Datos Personales recogidos para la formalizaci\u00f3n de un contrato entre el Titular y el Usuario deber\u00e1n conservarse como tales hasta en tanto dicho contrato se haya formalizado por completo.<\/li>\n\n\n\n<li>Los Datos Personales recogidos en leg\u00edtimo inter\u00e9s del Titular deber\u00e1n conservarse durante el tiempo necesario para cumplir con dicha finalidad. Los Usuarios pueden encontrar informaci\u00f3n espec\u00edfica relacionada con el inter\u00e9s leg\u00edtimo del Titular consultando las secciones relevantes del presente documento o contactando con el Titular. <\/li>\n<\/ul>\n\n\n\n<p>El Titular podr\u00e1 conservar los Datos Personales durante un periodo adicional cuando el Usuario preste su consentimiento a tal tratamiento, siempre que dicho consentimiento siga vigente. Adem\u00e1s, el Titular podr\u00e1 estar obligado a conservar Datos Personales durante un periodo adicional siempre que se precise para el cumplimiento de una obligaci\u00f3n legal o por orden que proceda de la autoridad. <\/p>\n\n\n\n<p>Una vez terminado el per\u00edodo de conservaci\u00f3n, los Datos Personales deber\u00e1n eliminarse. Por lo tanto, los derechos de acceso, supresi\u00f3n, rectificaci\u00f3n y de portabilidad de datos no podr\u00e1n ejercerse una vez haya expirado dicho periodo de conservaci\u00f3n. <\/p>\n<\/div><\/div>\n\n<div class=\"wp-block-uagb-container uagb-block-0a308a7e alignfull uagb-is-root-container\"><div class=\"uagb-container-inner-blocks-wrap\">\n<p><strong>Los derechos de los Usuarios basados en el Reglamento General de Protecci\u00f3n de datos (RGPD)<\/strong><\/p>\n\n\n\n<p>Los Usuarios podr\u00e1n ejercer ciertos derechos en relaci\u00f3n con sus Datos que sean tratados por el Titular.<\/p>\n\n\n\n<p>En particular, los Usuarios tienen derecho a hacer lo siguiente, en la medida en que lo permita la ley:<\/p>\n\n\n\n<ul class=\"wp-block-list\">\n<li><strong>Retirar su consentimiento en cualquier momento.<\/strong> Los Usuarios tienen derecho a retirar su consentimiento cuando lo hubieran otorgado con anterioridad para el tratamiento de sus Datos Personales.<\/li>\n\n\n\n<li><strong>Objeci\u00f3n al tratamiento de sus Datos.<\/strong> Los Usuarios tienen derecho a oponerse al tratamiento de sus Datos si dicho tratamiento se lleva a cabo con arreglo a una base jur\u00eddica distinta del consentimiento.<\/li>\n\n\n\n<li><strong>Acceso a sus Datos.<\/strong> Los Usuarios tienen derecho a saber si sus Datos son tratados por el Titular, a obtener informaci\u00f3n sobre ciertos aspectos del tratamiento, as\u00ed como a obtener una copia de los Datos objeto del tratamiento.<\/li>\n\n\n\n<li><strong>Verificar y solicitar la rectificaci\u00f3n.<\/strong> Los Usuarios tienen derecho a verificar la exactitud de sus Datos y solicitar que los mismos se actualicen o corrijan.<\/li>\n\n\n\n<li><strong>Limitar el tratamiento de sus Datos.<\/strong> Los Usuarios tienen derecho a limitar el tratamiento de sus Datos. En ese supuesto, el Titular solo tratar\u00e1 sus Datos con la finalidad de almacenarlos. <\/li>\n\n\n\n<li><strong>Borrar o eliminar los Datos Personales.<\/strong> Los Usuarios tienen derecho a obtener la supresi\u00f3n de sus Datos por parte del Titular.<\/li>\n\n\n\n<li><strong>Recibir sus Datos y transferirlos a otro responsable.<\/strong> Los Usuarios tienen derecho a recibir sus Datos en un formato estructurado, de uso com\u00fan y lectura mec\u00e1nica y, si fuera t\u00e9cnicamente posible, a que se transmitan los mismos a otro responsable sin ning\u00fan impedimento.<\/li>\n\n\n\n<li><strong>Presentar una reclamaci\u00f3n.<\/strong> Los Usuarios tienen derecho a presentar una reclamaci\u00f3n ante la autoridad competente en materia de protecci\u00f3n de Datos Personales.<\/li>\n<\/ul>\n\n\n\n<p>Los Usuarios tambi\u00e9n tendr\u00e1n derecho a conocer las bases legales de las transferencias de Datos al extranjero, incluido a cualquier organizaci\u00f3n internacional que se rija por el Derecho Internacional P\u00fablico o que est\u00e9 formada por dos o m\u00e1s pa\u00edses, como la ONU, y a conocer las medidas de seguridad tomadas por el Titular para salvaguardar sus Datos.<\/p>\n<\/div><\/div>\n\n<div class=\"wp-block-uagb-container uagb-block-24797d8a alignfull uagb-is-root-container\"><div class=\"uagb-container-inner-blocks-wrap\">\n<p><strong>Informaci\u00f3n sobre el derecho de oposici\u00f3n al tratamiento<\/strong><\/p>\n\n\n\n<p>Cuando el tratamiento de los Datos Personales se realice en inter\u00e9s p\u00fablico, en el ejercicio de poderes p\u00fablicos conferidos al Titular o con motivo de un inter\u00e9s leg\u00edtimo perseguido por el Titular, los Usuarios podr\u00e1n oponerse a dicho tratamiento alegando un motivo relacionado con su situaci\u00f3n particular para justificar su oposici\u00f3n.<\/p>\n\n\n\n<p>Los Usuarios deben saber, sin embargo, que en caso de que sus Datos Personales sean tratados con fines de marketing directo, pueden oponerse en cualquier momento a tal tratamiento, de forma gratuita y sin necesidad de justificaci\u00f3n. Cuanto el Usuario se oponga al tratamiento para fines de marketing directo, los Datos Personales no podr\u00e1n continuar siendo tratados para tales fines. Para saber si los Datos Personales de los Usuarios est\u00e1n siendo tratados por el Titular para fines de marketing directo, los Usuarios deber\u00e1n consultar las secciones relevantes del presente documento.  <\/p>\n<\/div><\/div>\n\n<div class=\"wp-block-uagb-container uagb-block-047f6160 alignfull uagb-is-root-container\"><div class=\"uagb-container-inner-blocks-wrap\">\n<p><strong>C\u00f3mo ejercer estos derechos<\/strong><\/p>\n\n\n\n<p>Cualquier solicitud de ejercicio de los derechos del Usuario puede dirigirse al Propietario a trav\u00e9s de los datos de contacto facilitados en este documento. Dichas solicitudes son gratuitas y el Titular responder\u00e1 a ellas tan pronto como le sea posible y siempre dentro del plazo de un mes, proporcionando a los Usuarios la informaci\u00f3n exigida por la ley. El Titular comunicar\u00e1 cualquier rectificaci\u00f3n o supresi\u00f3n de Datos Personales o limitaci\u00f3n del tratamiento a cada destinatario, en su caso, al que se le hayan comunicado los Datos Personales, salvo que sea imposible o exija un esfuerzo desproporcionado. A solicitud de los Usuarios, el Titular les informar\u00e1 sobre dichos destinatarios.   <\/p>\n<\/div><\/div>\n\n<div class=\"wp-block-uagb-container uagb-block-c48a7ea5 alignfull uagb-is-root-container\"><div class=\"uagb-container-inner-blocks-wrap\">\n<p style=\"text-transform:uppercase\"><strong>9. Informaci\u00f3n adicional sobre la recogida de Datos y su tratamiento<\/strong><\/p>\n\n\n\n<p>Defensa jur\u00eddica<\/p>\n\n\n\n<p>Los Datos Personales del Usuario podr\u00e1n ser utilizados para la defensa jur\u00eddica del Titular ante un tribunal o en las fases judiciales previas a un posible pleito derivado del uso inapropiado de esta P\u00e1gina Web o de los Servicios relacionados.<br\/>El Usuario declara conocer que el Titular puede ser requerido por las autoridades p\u00fablicas a fin de revelar Datos Personales.<\/p>\n\n\n\n<p><strong>Informaci\u00f3n adicional acerca de los Datos Personales del Usuario<\/strong><\/p>\n\n\n\n<p>Adem\u00e1s de las informaciones contenidas en esta pol\u00edtica de privacidad, esta P\u00e1gina Web podr\u00e1 proporcionar al Usuario informaci\u00f3n adicional y contextual relativa a Servicios espec\u00edficos o a la recogida y tratamiento de los Datos Personales.<\/p>\n\n\n\n<p><strong>Log del sistema y mantenimiento<\/strong><\/p>\n\n\n\n<p>Por motivos relativos al funcionamiento y mantenimiento, esta P\u00e1gina Web y cualquier otro servicio, proporcionado por terceros, que se utilice, podr\u00e1 recoger un registro del sistema; es decir, archivos que registren la interacci\u00f3n con esta P\u00e1gina Web y que puedan contener Datos Personales, tales como la direcci\u00f3n IP del Usuario.<\/p>\n\n\n\n<p><strong>Informaci\u00f3n no contenida en esta pol\u00edtica de privacidad<\/strong><\/p>\n\n\n\n<p>Se podr\u00e1 solicitar en cualquier momento informaci\u00f3n adicional sobre la recogida y el tratamiento de los Datos Personales al Titular. La informaci\u00f3n de contacto se indica al inicio del presente documento.<\/p>\n\n\n\n<p><strong>Modificaci\u00f3n de la presente pol\u00edtica de privacidad<\/strong><\/p>\n\n\n\n<p>El Titular se reserva el derecho de modificar esta pol\u00edtica de privacidad en cualquier momento, notific\u00e1ndolo a los Usuarios a trav\u00e9s de esta p\u00e1gina y, a ser posible, a trav\u00e9s de esta P\u00e1gina Web y\/o de ser t\u00e9cnica y legalmente posible notificando directamente a los Usuarios, en caso de que el Titular cuente con la informaci\u00f3n de contacto necesaria a tal fin. Se recomienda encarecidamente que revisen esta p\u00e1gina con frecuencia, tomando como referencia la fecha de la \u00faltima actualizaci\u00f3n indicada al final de la p\u00e1gina. <br\/><br\/>En el caso de que los cambios afectasen a las actividades de tratamiento realizadas en base al consentimiento del Usuario, el Titular deber\u00e1 obtener, si fuera necesario, el nuevo consentimiento del Usuario.<\/p>\n<\/div><\/div>\n\n<div class=\"wp-block-uagb-container uagb-block-e19f6f3f alignfull uagb-is-root-container\"><div class=\"uagb-container-inner-blocks-wrap\">\n<h3 class=\"wp-block-heading\"><strong><strong>Definiciones y referencias legales<\/strong><\/strong><\/h3>\n\n\n\n<ul class=\"wp-block-list\">\n<li><strong>Datos Personales (o Datos)<\/strong>\n<ul class=\"wp-block-list\">\n<li>Constituye un dato personal cualquier informaci\u00f3n que, directa, indirectamente o en relaci\u00f3n con otra informaci\u00f3n \u2013 incluyendo un n\u00famero de identificaci\u00f3n personal \u2013 permita identificar a una persona f\u00edsica.<\/li>\n<\/ul>\n<\/li>\n\n\n\n<li><strong>Datos de Uso<\/strong>\n<ul class=\"wp-block-list\">\n<li>Las informaciones recogidas de forma autom\u00e1tica por esta P\u00e1gina Web (o por servicios de terceros utilizados por esta P\u00e1gina Web), podr\u00e1n incluir: las direcciones IP o nombres de dominio de los ordenadores utilizados por el Usuario que se conecte a esta P\u00e1gina Web, las direcciones URI (Uniform Resource Identifier), la hora de la solicitud, el m\u00e9todo utilizado para realizar la solicitud al servidor, las dimensiones del archivo obtenido en respuesta, el c\u00f3digo num\u00e9rico indicando el estado de la respuesta del servidor (resultado satisfactorio, error, etc.), el pa\u00eds de origen, las caracter\u00edsticas del navegador y del sistema operativo utilizados por el visitante, las diversas coordenadas temporales de la visita (por ejemplo, el tiempo de permanencia en cada una de las p\u00e1ginas) y los detalles relativos al itinerario seguido dentro de la Aplicaci\u00f3n, con especial referencia a la secuencia de p\u00e1ginas consultadas, a los par\u00e1metros relativos al sistema operativo y al entorno inform\u00e1tico del Usuario.<\/li>\n<\/ul>\n<\/li>\n\n\n\n<li><strong>Usuario<\/strong>\n<ul class=\"wp-block-list\">\n<li>El individuo que utilice esta P\u00e1gina Web, quien, a menos que se indique lo contrario deber\u00e1 coincidir con el Interesado.<\/li>\n<\/ul>\n<\/li>\n\n\n\n<li><strong>Interesado<\/strong>\n<ul class=\"wp-block-list\">\n<li>La persona f\u00edsica a la que se refieren los Datos Personales.<\/li>\n<\/ul>\n<\/li>\n\n\n\n<li><strong>Encargado del Tratamiento (o Encargado)<\/strong>\n<ul class=\"wp-block-list\">\n<li>La persona f\u00edsica o jur\u00eddica, administraci\u00f3n p\u00fablica, agencia o cualquier otra instituci\u00f3n, que procese los Datos Personales en nombre del Responsable del Tratamiento, descrita en la presente pol\u00edtica de privacidad.<\/li>\n<\/ul>\n<\/li>\n\n\n\n<li><strong>Responsable del Tratamiento (o Titular)<\/strong>\n<ul class=\"wp-block-list\">\n<li>La persona f\u00edsica o jur\u00eddica, administraci\u00f3n p\u00fablica, agencia o cualquier otra instituci\u00f3n, que actuando en solitario o conjuntamente con otras, determine las finalidades y las medidas del tratamiento de los Datos Personales, incluyendo las medidas de seguridad relativas al funcionamiento y al uso de esta P\u00e1gina Web. A menos que se especifique lo contrario, el Responsable del Tratamiento es el Titular de esta P\u00e1gina Web. <\/li>\n<\/ul>\n<\/li>\n\n\n\n<li><strong>Esta P\u00e1gina Web (o esta Aplicaci\u00f3n)<\/strong>\n<ul class=\"wp-block-list\">\n<li>El medio a trav\u00e9s del cual se han recogido y tratado los Datos Personales del Usuario.<\/li>\n<\/ul>\n<\/li>\n\n\n\n<li><strong>Servicio<\/strong>\n<ul class=\"wp-block-list\">\n<li>El servicio proporcionado por esta P\u00e1gina Web, tal y como se describe en las definiciones y referencias legales (en caso de estar disponibles) y en esta p\u00e1gina o aplicaci\u00f3n.<\/li>\n<\/ul>\n<\/li>\n\n\n\n<li><strong>Uni\u00f3n Europea (o UE)<\/strong>\n<ul class=\"wp-block-list\">\n<li>A menos que se indique lo contrario, todas las referencias hechas a la Uni\u00f3n Europea en el presente documento incluyen todos los actuales Estados miembros de la Uni\u00f3n Europea y del Espacio Econ\u00f3mico Europeo.<\/li>\n<\/ul>\n<\/li>\n\n\n\n<li><strong>Cookie<\/strong>\n<ul class=\"wp-block-list\">\n<li>Las Cookies son Rastreadores que consisten en peque\u00f1as cantidades de datos almacenados en el navegador del Usuario.<\/li>\n<\/ul>\n<\/li>\n\n\n\n<li><strong>Rastreador<\/strong>\n<ul class=\"wp-block-list\">\n<li>Rastreador designa cualquier tecnolog\u00eda &#8211; p.ej. Cookies, identificadores \u00fanicos, balizas web, scripts incrustados, etiquetas de entidad y creaci\u00f3n de huella digital &#8211; que permite rastrear a los Usuarios, por ejemplo, accediendo a informaci\u00f3n o almacen\u00e1ndola en el dispositivo del Usuario.<\/li>\n<\/ul>\n<\/li>\n<\/ul>\n\n\n\n<hr class=\"wp-block-separator has-alpha-channel-opacity\"\/>\n\n\n\n<p><strong>Informaci\u00f3n legal<\/strong><\/p>\n\n\n\n<p>Esta pol\u00edtica de privacidad se refiere s\u00f3lo a esta P\u00e1gina Web, a menos que se indique lo contrario en el presente documento.<\/p>\n<\/div><\/div>\n\n<div class=\"wp-block-uagb-separator uagb-block-b5458596\"><div class=\"wp-block-uagb-separator__inner\" style=\"--my-background-image:\"><\/div><\/div>\n\n<p class=\"has-small-font-size\">\u00daltima revisi\u00f3n: 13 noviembre 2024<\/p>\n","protected":false},"excerpt":{"rendered":"<p>Privacy Policy for personal data collected through its website Informaci\u00f3n de conformidad con los art\u00edculos 12 y 13 del Reglamento 2016\/679 de la UE (RGPD) En cumplimiento de la legislaci\u00f3n europea sobre el tratamiento de datos personales (GDPR 2016\/679), Savio S.p.A. declara que trata los datos de conformidad con lo dispuesto en el Art. 5&hellip;<\/p>\n","protected":false},"author":2,"featured_media":0,"parent":0,"menu_order":0,"comment_status":"closed","ping_status":"closed","template":"","meta":{"_acf_changed":false,"_uag_custom_page_level_css":"","footnotes":""},"class_list":["post-154979","page","type-page","status-publish","hentry","description-off"],"acf":[],"yoast_head":"<!-- This site is optimized with the Yoast SEO plugin v27.2 - https:\/\/yoast.com\/product\/yoast-seo-wordpress\/ -->\n<title>Pol\u00edtica de privacidad de los datos recogidos por el sitio web - SAVIO<\/title>\n<meta name=\"robots\" content=\"index, follow, max-snippet:-1, max-image-preview:large, max-video-preview:-1\" \/>\n<link rel=\"canonical\" href=\"https:\/\/savio.it\/es\/privacy-web\/\" \/>\n<meta property=\"og:locale\" content=\"es_ES\" \/>\n<meta property=\"og:type\" content=\"article\" \/>\n<meta property=\"og:title\" content=\"Pol\u00edtica de privacidad de los datos recogidos por el sitio web - SAVIO\" \/>\n<meta property=\"og:description\" content=\"Privacy Policy for personal data collected through its website Informaci\u00f3n de conformidad con los art\u00edculos 12 y 13 del Reglamento 2016\/679 de la UE (RGPD) En cumplimiento de la legislaci\u00f3n europea sobre el tratamiento de datos personales (GDPR 2016\/679), Savio S.p.A. declara que trata los datos de conformidad con lo dispuesto en el Art. 5&hellip;\" \/>\n<meta property=\"og:url\" content=\"https:\/\/savio.it\/es\/privacy-web\/\" \/>\n<meta property=\"og:site_name\" content=\"SAVIO\" \/>\n<meta property=\"article:modified_time\" content=\"2025-06-20T15:51:08+00:00\" \/>\n<meta name=\"twitter:card\" content=\"summary_large_image\" \/>\n<meta name=\"twitter:label1\" content=\"Tiempo de lectura\" \/>\n\t<meta name=\"twitter:data1\" content=\"23 minutos\" \/>\n<script type=\"application\/ld+json\" class=\"yoast-schema-graph\">{\"@context\":\"https:\/\/schema.org\",\"@graph\":[{\"@type\":\"WebPage\",\"@id\":\"https:\/\/savio.it\/es\/privacy-web\/\",\"url\":\"https:\/\/savio.it\/es\/privacy-web\/\",\"name\":\"Pol\u00edtica de privacidad de los datos recogidos por el sitio web - SAVIO\",\"isPartOf\":{\"@id\":\"https:\/\/savio.it\/es\/#website\"},\"datePublished\":\"2024-10-31T13:15:10+00:00\",\"dateModified\":\"2025-06-20T15:51:08+00:00\",\"breadcrumb\":{\"@id\":\"https:\/\/savio.it\/es\/privacy-web\/#breadcrumb\"},\"inLanguage\":\"es\",\"potentialAction\":[{\"@type\":\"ReadAction\",\"target\":[\"https:\/\/savio.it\/es\/privacy-web\/\"]}]},{\"@type\":\"BreadcrumbList\",\"@id\":\"https:\/\/savio.it\/es\/privacy-web\/#breadcrumb\",\"itemListElement\":[{\"@type\":\"ListItem\",\"position\":1,\"name\":\"Home\",\"item\":\"https:\/\/savio.it\/es\/\"},{\"@type\":\"ListItem\",\"position\":2,\"name\":\"Pol\u00edtica de privacidad de los datos recogidos por el sitio web\"}]},{\"@type\":\"WebSite\",\"@id\":\"https:\/\/savio.it\/es\/#website\",\"url\":\"https:\/\/savio.it\/es\/\",\"name\":\"SAVIO\",\"description\":\"Open mind for closing system\",\"publisher\":{\"@id\":\"https:\/\/savio.it\/es\/#organization\"},\"potentialAction\":[{\"@type\":\"SearchAction\",\"target\":{\"@type\":\"EntryPoint\",\"urlTemplate\":\"https:\/\/savio.it\/es\/?s={search_term_string}\"},\"query-input\":{\"@type\":\"PropertyValueSpecification\",\"valueRequired\":true,\"valueName\":\"search_term_string\"}}],\"inLanguage\":\"es\"},{\"@type\":\"Organization\",\"@id\":\"https:\/\/savio.it\/es\/#organization\",\"name\":\"SAVIO\",\"url\":\"https:\/\/savio.it\/es\/\",\"logo\":{\"@type\":\"ImageObject\",\"inLanguage\":\"es\",\"@id\":\"https:\/\/savio.it\/es\/#\/schema\/logo\/image\/\",\"url\":\"https:\/\/savio.it\/wp-content\/uploads\/2021\/09\/cropped-Savio-logo.png\",\"contentUrl\":\"https:\/\/savio.it\/wp-content\/uploads\/2021\/09\/cropped-Savio-logo.png\",\"width\":243,\"height\":64,\"caption\":\"SAVIO\"},\"image\":{\"@id\":\"https:\/\/savio.it\/es\/#\/schema\/logo\/image\/\"}}]}<\/script>\n<!-- \/ Yoast SEO plugin. -->","yoast_head_json":{"title":"Pol\u00edtica de privacidad de los datos recogidos por el sitio web - SAVIO","robots":{"index":"index","follow":"follow","max-snippet":"max-snippet:-1","max-image-preview":"max-image-preview:large","max-video-preview":"max-video-preview:-1"},"canonical":"https:\/\/savio.it\/es\/privacy-web\/","og_locale":"es_ES","og_type":"article","og_title":"Pol\u00edtica de privacidad de los datos recogidos por el sitio web - SAVIO","og_description":"Privacy Policy for personal data collected through its website Informaci\u00f3n de conformidad con los art\u00edculos 12 y 13 del Reglamento 2016\/679 de la UE (RGPD) En cumplimiento de la legislaci\u00f3n europea sobre el tratamiento de datos personales (GDPR 2016\/679), Savio S.p.A. declara que trata los datos de conformidad con lo dispuesto en el Art. 5&hellip;","og_url":"https:\/\/savio.it\/es\/privacy-web\/","og_site_name":"SAVIO","article_modified_time":"2025-06-20T15:51:08+00:00","twitter_card":"summary_large_image","twitter_misc":{"Tiempo de lectura":"23 minutos"},"schema":{"@context":"https:\/\/schema.org","@graph":[{"@type":"WebPage","@id":"https:\/\/savio.it\/es\/privacy-web\/","url":"https:\/\/savio.it\/es\/privacy-web\/","name":"Pol\u00edtica de privacidad de los datos recogidos por el sitio web - SAVIO","isPartOf":{"@id":"https:\/\/savio.it\/es\/#website"},"datePublished":"2024-10-31T13:15:10+00:00","dateModified":"2025-06-20T15:51:08+00:00","breadcrumb":{"@id":"https:\/\/savio.it\/es\/privacy-web\/#breadcrumb"},"inLanguage":"es","potentialAction":[{"@type":"ReadAction","target":["https:\/\/savio.it\/es\/privacy-web\/"]}]},{"@type":"BreadcrumbList","@id":"https:\/\/savio.it\/es\/privacy-web\/#breadcrumb","itemListElement":[{"@type":"ListItem","position":1,"name":"Home","item":"https:\/\/savio.it\/es\/"},{"@type":"ListItem","position":2,"name":"Pol\u00edtica de privacidad de los datos recogidos por el sitio web"}]},{"@type":"WebSite","@id":"https:\/\/savio.it\/es\/#website","url":"https:\/\/savio.it\/es\/","name":"SAVIO","description":"Open mind for closing system","publisher":{"@id":"https:\/\/savio.it\/es\/#organization"},"potentialAction":[{"@type":"SearchAction","target":{"@type":"EntryPoint","urlTemplate":"https:\/\/savio.it\/es\/?s={search_term_string}"},"query-input":{"@type":"PropertyValueSpecification","valueRequired":true,"valueName":"search_term_string"}}],"inLanguage":"es"},{"@type":"Organization","@id":"https:\/\/savio.it\/es\/#organization","name":"SAVIO","url":"https:\/\/savio.it\/es\/","logo":{"@type":"ImageObject","inLanguage":"es","@id":"https:\/\/savio.it\/es\/#\/schema\/logo\/image\/","url":"https:\/\/savio.it\/wp-content\/uploads\/2021\/09\/cropped-Savio-logo.png","contentUrl":"https:\/\/savio.it\/wp-content\/uploads\/2021\/09\/cropped-Savio-logo.png","width":243,"height":64,"caption":"SAVIO"},"image":{"@id":"https:\/\/savio.it\/es\/#\/schema\/logo\/image\/"}}]}},"uagb_featured_image_src":{"full":false,"thumbnail":false,"medium":false,"medium_large":false,"large":false,"gs-tiny":false,"xl":false,"xxl":false,"xxxl":false,"xxxxl":false,"xxxxxl":false,"1536x1536":false,"2048x2048":false,"woocommerce_thumbnail":false,"woocommerce_single":false,"woocommerce_gallery_thumbnail":false},"uagb_author_info":{"display_name":"admin_news","author_link":"https:\/\/savio.it\/es\/author\/admin_news\/"},"uagb_comment_info":0,"uagb_excerpt":"Privacy Policy for personal data collected through its website Informaci\u00f3n de conformidad con los art\u00edculos 12 y 13 del Reglamento 2016\/679 de la UE (RGPD) En cumplimiento de la legislaci\u00f3n europea sobre el tratamiento de datos personales (GDPR 2016\/679), Savio S.p.A. declara que trata los datos de conformidad con lo dispuesto en el Art. 5&hellip;","_links":{"self":[{"href":"https:\/\/savio.it\/es\/wp-json\/wp\/v2\/pages\/154979","targetHints":{"allow":["GET"]}}],"collection":[{"href":"https:\/\/savio.it\/es\/wp-json\/wp\/v2\/pages"}],"about":[{"href":"https:\/\/savio.it\/es\/wp-json\/wp\/v2\/types\/page"}],"author":[{"embeddable":true,"href":"https:\/\/savio.it\/es\/wp-json\/wp\/v2\/users\/2"}],"replies":[{"embeddable":true,"href":"https:\/\/savio.it\/es\/wp-json\/wp\/v2\/comments?post=154979"}],"version-history":[{"count":7,"href":"https:\/\/savio.it\/es\/wp-json\/wp\/v2\/pages\/154979\/revisions"}],"predecessor-version":[{"id":159403,"href":"https:\/\/savio.it\/es\/wp-json\/wp\/v2\/pages\/154979\/revisions\/159403"}],"wp:attachment":[{"href":"https:\/\/savio.it\/es\/wp-json\/wp\/v2\/media?parent=154979"}],"curies":[{"name":"wp","href":"https:\/\/api.w.org\/{rel}","templated":true}]}}